{"version":"1.0","provider_name":"Sindm\u00f3veis-RS","provider_url":"https:\/\/www.sindmoveis.com.br\/es","title":"Proyecto Ra\u00edz fomenta el dise\u00f1o brasile\u00f1o en Estocolmo - Sindm\u00f3veis-RS","type":"rich","width":600,"height":338,"html":"<blockquote class=\"wp-embedded-content\" data-secret=\"OmM80zNS3h\"><a href=\"https:\/\/www.sindmoveis.com.br\/es\/projeto-raiz-fomenta-o-design-brasileiro-em-estocolmo\/\">Proyecto Ra\u00edz fomenta el dise\u00f1o brasile\u00f1o en Estocolmo<\/a><\/blockquote><iframe sandbox=\"allow-scripts\" security=\"restricted\" src=\"https:\/\/www.sindmoveis.com.br\/es\/projeto-raiz-fomenta-o-design-brasileiro-em-estocolmo\/embed\/#?secret=OmM80zNS3h\" width=\"600\" height=\"338\" title=\"\u00abProyecto Ra\u00edz fomenta el dise\u00f1o brasile\u00f1o en Estocolmo\u00bb \u2014 Sindm\u00f3veis-RS\" data-secret=\"OmM80zNS3h\" frameborder=\"0\" marginwidth=\"0\" marginheight=\"0\" scrolling=\"no\" class=\"wp-embedded-content\"><\/iframe><script type=\"text\/javascript\">\n\/* <![CDATA[ *\/\n\/*! This file is auto-generated *\/\n!function(d,l){\"use strict\";l.querySelector&&d.addEventListener&&\"undefined\"!=typeof URL&&(d.wp=d.wp||{},d.wp.receiveEmbedMessage||(d.wp.receiveEmbedMessage=function(e){var t=e.data;if((t||t.secret||t.message||t.value)&&!\/[^a-zA-Z0-9]\/.test(t.secret)){for(var s,r,n,a=l.querySelectorAll('iframe[data-secret=\"'+t.secret+'\"]'),o=l.querySelectorAll('blockquote[data-secret=\"'+t.secret+'\"]'),c=new RegExp(\"^https?:$\",\"i\"),i=0;i<o.length;i++)o[i].style.display=\"none\";for(i=0;i<a.length;i++)s=a[i],e.source===s.contentWindow&&(s.removeAttribute(\"style\"),\"height\"===t.message?(1e3<(r=parseInt(t.value,10))?r=1e3:~~r<200&&(r=200),s.height=r):\"link\"===t.message&&(r=new URL(s.getAttribute(\"src\")),n=new URL(t.value),c.test(n.protocol))&&n.host===r.host&&l.activeElement===s&&(d.top.location.href=t.value))}},d.addEventListener(\"message\",d.wp.receiveEmbedMessage,!1),l.addEventListener(\"DOMContentLoaded\",function(){for(var e,t,s=l.querySelectorAll(\"iframe.wp-embedded-content\"),r=0;r<s.length;r++)(t=(e=s[r]).getAttribute(\"data-secret\"))||(t=Math.random().toString(36).substring(2,12),e.src+=\"#?secret=\"+t,e.setAttribute(\"data-secret\",t)),e.contentWindow.postMessage({message:\"ready\",secret:t},\"*\")},!1)))}(window,document);\n\/\/# sourceURL=https:\/\/www.sindmoveis.com.br\/es\/wp-includes\/js\/wp-embed.min.js\n\/* ]]> *\/\n<\/script>\n","thumbnail_url":"https:\/\/www.sindmoveis.com.br\/es\/wp-content\/uploads\/2021\/05\/p1517937328.jpg","thumbnail_width":886,"thumbnail_height":563,"description":"Despu\u00e9s del \u00e9xito de muestras realizadas en las embajadas de Brasil en Roma y Par\u00eds, las creaciones de 18 estudios estar\u00e1n presentes en exposici\u00f3n en la capital de Suecia hasta el d\u00eda 28 de febrero."}